{"id":8548,"date":"2011-04-05T15:41:18","date_gmt":"2011-04-05T13:41:18","guid":{"rendered":"https:\/\/www.daltonsomare.com\/?post_type=opera&#038;p=8548"},"modified":"2026-06-03T20:11:35","modified_gmt":"2026-06-03T18:11:35","slug":"masque-dan-mano-liberia","status":"publish","type":"opera","link":"https:\/\/www.daltonsomare.com\/fr\/opere\/masque-dan-mano-liberia\/","title":{"rendered":"Masque, Dan Mano, Lib\u00e9ria"},"content":{"rendered":"<div class=\"wpb-content-wrapper\"><p>[vc_row][vc_column][vc_column_text css=\u00a0\u00bb\u00a0\u00bb el_class=\u00a0\u00bbpost-flat-h2&Prime;]<\/p>\n<p style=\"text-align: justify;\">D\u00e9but du XXe si\u00e8cle<br \/>\nBois, fibres, os (Nandinia binotata)<br \/>\n26 cm<\/p>\n<h2>Provenance<\/h2>\n<p style=\"text-align: justify;\">Collect\u00e9 par un diplomate am\u00e9ricain en poste au Lib\u00e9ria entre 1935 et 1937<br \/>\nCollection priv\u00e9e, Californie, puis par descendance<br \/>\nCole Harrell, New York, acquis aupr\u00e8s de la collection pr\u00e9c\u00e9dente<br \/>\nDalton Somar\u00e9, Milan<br \/>\nCollection Leinuo Zhang, Milan<\/p>\n<h2>Publications<\/h2>\n<p style=\"text-align: justify;\"><a href=\"https:\/\/www.daltonsomare.com\/fr\/pubblicazioni\/origins-vision-african-art-anna-demina-leinuo-zhang-collection\/\">Origins: a vision on African Art, Anna Demina &amp; Leinuo Zhang Collection<\/a>, Dalton Somar\u00e9, Milan, 2019, pp. 12-15<br \/>\n<em>Souls-\u00c2mes. The Leinuo Zhang African Art Collection: Masks from Leinuo Zhang African Art Collection<\/em>, 2023<\/p>\n<hr class=\"dalton-opera-separator\" style=\"border: 0; border-top: 1px solid #b8b8b8; margin: 24px 0;\" \/>\n<h2>Masque Mano et art de l\u2019Afrique occidentale<\/h2>\n<p style=\"text-align: justify;\">Les Mano vivent dans le nord-est du Lib\u00e9ria, le long de la fronti\u00e8re avec la C\u00f4te d\u2019Ivoire. La proximit\u00e9 culturelle avec les Dan a exerc\u00e9 une influence \u00e9vidente sur leur production artistique, qui a toutefois conserv\u00e9 des caract\u00e9ristiques stylistiques et une sensibilit\u00e9 pleinement autonomes.<\/p>\n<p style=\"text-align: justify;\">Comme les Dan, les Mano partagent \u00e9galement l\u2019institution de la soci\u00e9t\u00e9 initiatique du Poro, dont les rituels pr\u00e9voient l\u2019utilisation de masques \u00e0 fonction spirituelle, \u00e9ducative et protectrice. Traditionnellement, le masque gardien des c\u00e9r\u00e9monies d\u2019initiation repr\u00e9sente un visage f\u00e9minin et est v\u00e9n\u00e9r\u00e9 comme la m\u00e8re de tous les autres masques.<\/p>\n<p style=\"text-align: justify;\">G\u00e9n\u00e9ralement conserv\u00e9 par la femme la plus \u00e2g\u00e9e du clan, ce masque Mano apparaissait en public comme gardien des rituels secrets de l\u2019initiation, avec pour mission d\u2019emp\u00eacher l\u2019acc\u00e8s des \u00e9trangers au terrain sacr\u00e9 des c\u00e9r\u00e9monies.<\/p>\n<h2>Forme, expression et pr\u00e9sence spirituelle<\/h2>\n<p style=\"text-align: justify;\">L\u2019expression intense et presque souffrante du visage, le front pro\u00e9minent qui souligne les myst\u00e9rieuses fentes des yeux mi-clos et la perfection des traits d\u00e9licats conf\u00e8rent au masque une pr\u00e9sence d\u2019une force spirituelle extraordinaire.<\/p>\n<p style=\"text-align: justify;\">La splendide patine brune brillante accentue la douceur du model\u00e9 et amplifie la qualit\u00e9 lumineuse de la surface, contribuant \u00e0 cr\u00e9er une image suspendue entre naturalisme et id\u00e9alisation rituelle.<\/p>\n<p style=\"text-align: justify;\">Cet ancien masque Mano du Lib\u00e9ria repr\u00e9sente l\u2019un des exemples les plus \u00e9lev\u00e9s de la sculpture Mano et t\u00e9moigne de la capacit\u00e9 des artistes d\u2019Afrique occidentale \u00e0 traduire autorit\u00e9 spirituelle, \u00e9quilibre formel et intensit\u00e9 psychologique en images d\u2019une grande \u00e9l\u00e9gance et d\u2019une profonde valeur symbolique.<\/p>\n<div class=\"dalton-opera-clusters\">\n<div class=\"dalton-opera-cluster\">\n<h2>Approfondissements<\/h2>\n<div class=\"dalton-fr-opera-link-list\">\n<p style=\"margin: 0 0 7px; line-height: 1.45;\"><a href=\"https:\/\/www.daltonsomare.com\/fr\/tipo-di-arte\/highlights-art-africain\/\">Highlights d\u2019Art Africain<\/a><\/p>\n<p style=\"margin: 0 0 7px; line-height: 1.45;\"><a href=\"https:\/\/www.daltonsomare.com\/fr\/tipo-di-arte\/collection-art-africain\/\">Archives de la Collection d\u2019Art Africain<\/a><\/p>\n<p style=\"margin: 0 0 7px; line-height: 1.45;\"><a href=\"https:\/\/www.daltonsomare.com\/fr\/art-africain\/\">Sculpture Africaine<\/a><\/p>\n<p style=\"margin: 0 0 7px; line-height: 1.45;\"><a href=\"https:\/\/www.daltonsomare.com\/fr\/pubblicazioni\/\">Publications<\/a><\/p>\n<\/div>\n<\/div>\n<div class=\"dalton-opera-cluster\">\n<h2>Sculptures associ\u00e9es<\/h2>\n<div class=\"dalton-fr-opera-link-list\">\n<p style=\"margin: 0 0 7px; line-height: 1.45;\"><a href=\"https:\/\/www.daltonsomare.com\/fr\/opere\/masque-deangle-dan-cote-ivoire\/\">Masque Deangl\u00e9, Dan, C\u00f4te d\u2019Ivoire<\/a><\/p>\n<p style=\"margin: 0 0 7px; line-height: 1.45;\"><a href=\"https:\/\/www.daltonsomare.com\/fr\/opere\/masque-dan-region-toura-cote-ivoire\/\">Masque, Dan, r\u00e9gion Toura, C\u00f4te d\u2019Ivoire<\/a><\/p>\n<p style=\"margin: 0 0 7px; line-height: 1.45;\"><a href=\"https:\/\/www.daltonsomare.com\/fr\/opere\/figure-feminine-dan-gio-liberia-cote-ivoire\/\">Figure f\u00e9minine Dan Gio, Lib\u00e9ria\/C\u00f4te d\u2019Ivoire<\/a><\/p>\n<p style=\"margin: 0 0 7px; line-height: 1.45;\"><a href=\"https:\/\/www.daltonsomare.com\/fr\/opere\/figure-masculine-baule-cote-ivoire\/\">Figure masculine, Baule, C\u00f4te d\u2019Ivoire<\/a><\/p>\n<p style=\"margin: 0 0 7px; line-height: 1.45;\"><a href=\"https:\/\/www.daltonsomare.com\/fr\/opere\/figure-masculine-blolo-bian-baule-cote-ivoire\/\">Figure masculine Blolo Bian, Baule, C\u00f4te d\u2019Ivoire<\/a><\/p>\n<p style=\"margin: 0 0 7px; line-height: 1.45;\"><a href=\"https:\/\/www.daltonsomare.com\/fr\/opere\/figure-feminine-baule-cote-ivoire\/\">Figure f\u00e9minine, Baule, C\u00f4te d\u2019Ivoire<\/a><\/p>\n<p style=\"margin: 0 0 7px; line-height: 1.45;\"><a href=\"https:\/\/www.daltonsomare.com\/fr\/opere\/masque-portrait-ndoma-baule-cote-ivoire\/\">Masque portrait, Baule, C\u00f4te d\u2019Ivoire<\/a><\/p>\n<p style=\"margin: 0 0 7px; line-height: 1.45;\"><a href=\"https:\/\/www.daltonsomare.com\/fr\/opere\/masque-portrait-baule-atelier-sakassou-cote-ivoire\/\">Masque portrait, atelier de Sakassou, Baule, C\u00f4te d\u2019Ivoire<\/a><\/p>\n<p style=\"margin: 0 0 7px; line-height: 1.45;\"><a href=\"https:\/\/www.daltonsomare.com\/fr\/opere\/masque-facial-kpelye-senufo-cote-ivoire\/\">Masque facial Kpelye, Senufo, C\u00f4te d\u2019Ivoire<\/a><\/p>\n<p style=\"margin: 0 0 7px; line-height: 1.45;\"><a href=\"https:\/\/www.daltonsomare.com\/fr\/opere\/cavalier-ligbi-senufo-cote-ivoire\/\">Cavalier, Ligbi\/Senufo, C\u00f4te d\u2019Ivoire<\/a><\/p>\n<\/div>\n<\/div>\n<\/div>\n<p>[\/vc_column_text][\/vc_column][\/vc_row]<\/p>\n<\/div>","protected":false},"excerpt":{"rendered":"<p>[vc_row][vc_column][vc_column_text css=\u00a0\u00bb\u00a0\u00bb el_class=\u00a0\u00bbpost-flat-h2&Prime;] D\u00e9but du XXe si\u00e8cle Bois, fibres, os (Nandinia binotata) 26 cm Provenance Collect\u00e9 par un diplomate am\u00e9ricain en poste au Lib\u00e9ria entre 1935<span class=\"excerpt-hellip\"> [\u2026]<\/span><\/p>\n","protected":false},"featured_media":9856,"template":"","tipo-di-arte":[156,158],"class_list":["post-8548","opera","type-opera","status-publish","has-post-thumbnail","hentry","tipo-di-arte-art-africain","tipo-di-arte-collection-art-africain"],"acf":[],"yoast_head":"<!-- This site is optimized with the Yoast SEO plugin v28.3 - https:\/\/yoast.com\/product\/yoast-seo-wordpress\/ -->\n<title>Masque Dan Mano, Liberia | Dalton Somar\u00e9<\/title>\n<meta name=\"description\" content=\"Fiche d\u2019\u0153uvre Dalton Somar\u00e9: Masque Dan Mano, Liberia. Sculpture et art classique extra-europ\u00e9en pr\u00e9sent\u00e9s par la galerie \u00e0 Milan.\" \/>\n<meta name=\"robots\" content=\"index, follow, max-snippet:-1, max-image-preview:large, max-video-preview:-1\" \/>\n<link rel=\"canonical\" href=\"https:\/\/www.daltonsomare.com\/fr\/opere\/masque-dan-mano-liberia\/\/\" \/>\n<meta property=\"og:locale\" content=\"fr_FR\" \/>\n<meta property=\"og:type\" content=\"article\" \/>\n<meta property=\"og:title\" content=\"Masque Dan Mano, Liberia | Dalton Somar\u00e9\" \/>\n<meta property=\"og:description\" content=\"Fiche d\u2019\u0153uvre Dalton Somar\u00e9: Masque Dan Mano, Lib\u00e9ria. Provenance, contexte historique et artistique, publications et r\u00e9f\u00e9rences de collection.\" \/>\n<meta property=\"og:url\" content=\"https:\/\/www.daltonsomare.com\/fr\/opere\/masque-dan-mano-liberia\/\/\" \/>\n<meta property=\"og:site_name\" content=\"Dalton Somar\u00e9\" \/>\n<meta property=\"article:publisher\" content=\"https:\/\/www.facebook.com\/Dalton.Somare\" \/>\n<meta property=\"article:modified_time\" content=\"2026-06-03T18:11:35+00:00\" \/>\n<meta property=\"og:image\" content=\"https:\/\/www.daltonsomare.com\/wp-content\/uploads\/2019\/01\/maschera-dan-mano-liberia-legno-fibra-vegetale-osso-ferro-26-cm-2384x2500.jpg\" \/>\n\t<meta property=\"og:image:width\" content=\"2384\" \/>\n\t<meta property=\"og:image:height\" content=\"2500\" \/>\n\t<meta property=\"og:image:type\" content=\"image\/jpeg\" \/>\n<meta name=\"twitter:card\" content=\"summary_large_image\" \/>\n<meta name=\"twitter:description\" content=\"Fiche d\u2019\u0153uvre Dalton Somar\u00e9: Masque Dan Mano, Lib\u00e9ria. Provenance, contexte historique et artistique, publications et r\u00e9f\u00e9rences de collection.\" \/>\n<script type=\"application\/ld+json\" class=\"yoast-schema-graph\">{\"@context\":\"https:\\\/\\\/schema.org\",\"@graph\":[{\"@type\":\"WebPage\",\"@id\":\"https:\\\/\\\/www.daltonsomare.com\\\/fr\\\/opere\\\/masque-dan-mano-liberia\\\/\",\"url\":\"https:\\\/\\\/www.daltonsomare.com\\\/fr\\\/opere\\\/masque-dan-mano-liberia\\\/\",\"name\":\"Masque Dan Mano, Liberia | Dalton Somar\u00e9\",\"isPartOf\":{\"@id\":\"https:\\\/\\\/www.daltonsomare.com\\\/fr\\\/#website\"},\"primaryImageOfPage\":{\"@id\":\"https:\\\/\\\/www.daltonsomare.com\\\/fr\\\/opere\\\/masque-dan-mano-liberia\\\/#primaryimage\"},\"image\":{\"@id\":\"https:\\\/\\\/www.daltonsomare.com\\\/fr\\\/opere\\\/masque-dan-mano-liberia\\\/#primaryimage\"},\"thumbnailUrl\":\"https:\\\/\\\/www.daltonsomare.com\\\/wp-content\\\/uploads\\\/2019\\\/01\\\/maschera-dan-mano-liberia-legno-fibra-vegetale-osso-ferro-26-cm-scaled.jpg\",\"datePublished\":\"2011-04-05T13:41:18+00:00\",\"dateModified\":\"2026-06-03T18:11:35+00:00\",\"description\":\"Fiche d\u2019\u0153uvre Dalton Somar\u00e9: Masque Dan Mano, Liberia. Sculpture et art classique extra-europ\u00e9en pr\u00e9sent\u00e9s par la galerie \u00e0 Milan.\",\"breadcrumb\":{\"@id\":\"https:\\\/\\\/www.daltonsomare.com\\\/fr\\\/opere\\\/masque-dan-mano-liberia\\\/#breadcrumb\"},\"inLanguage\":\"fr-FR\",\"potentialAction\":[{\"@type\":\"ReadAction\",\"target\":[\"https:\\\/\\\/www.daltonsomare.com\\\/fr\\\/opere\\\/masque-dan-mano-liberia\\\/\"]}]},{\"@type\":\"ImageObject\",\"inLanguage\":\"fr-FR\",\"@id\":\"https:\\\/\\\/www.daltonsomare.com\\\/fr\\\/opere\\\/masque-dan-mano-liberia\\\/#primaryimage\",\"url\":\"https:\\\/\\\/www.daltonsomare.com\\\/wp-content\\\/uploads\\\/2019\\\/01\\\/maschera-dan-mano-liberia-legno-fibra-vegetale-osso-ferro-26-cm-scaled.jpg\",\"contentUrl\":\"https:\\\/\\\/www.daltonsomare.com\\\/wp-content\\\/uploads\\\/2019\\\/01\\\/maschera-dan-mano-liberia-legno-fibra-vegetale-osso-ferro-26-cm-scaled.jpg\",\"width\":3792,\"height\":3976,\"caption\":\"Maschera Dan Mano, Liberia Legno, fibra vegetale, osso, ferro 26 cm\"},{\"@type\":\"BreadcrumbList\",\"@id\":\"https:\\\/\\\/www.daltonsomare.com\\\/fr\\\/opere\\\/masque-dan-mano-liberia\\\/#breadcrumb\",\"itemListElement\":[{\"@type\":\"ListItem\",\"position\":1,\"name\":\"Home\",\"item\":\"https:\\\/\\\/www.daltonsomare.com\\\/fr\\\/accueil\\\/\"},{\"@type\":\"ListItem\",\"position\":2,\"name\":\"Opere d'arte\",\"item\":\"https:\\\/\\\/www.daltonsomare.com\\\/fr\\\/opere\\\/\"},{\"@type\":\"ListItem\",\"position\":3,\"name\":\"Masque, Dan Mano, Lib\u00e9ria\"}]},{\"@type\":\"WebSite\",\"@id\":\"https:\\\/\\\/www.daltonsomare.com\\\/fr\\\/#website\",\"url\":\"https:\\\/\\\/www.daltonsomare.com\\\/fr\\\/\",\"name\":\"Dalton Somar\u00e9\",\"description\":\"Fine African Art \u2013 Ancient Art of Asia\",\"publisher\":{\"@id\":\"https:\\\/\\\/www.daltonsomare.com\\\/fr\\\/#organization\"},\"alternateName\":\"Dalton Somar\u00e9 Gallery Milano\",\"potentialAction\":[{\"@type\":\"SearchAction\",\"target\":{\"@type\":\"EntryPoint\",\"urlTemplate\":\"https:\\\/\\\/www.daltonsomare.com\\\/fr\\\/?s={search_term_string}\"},\"query-input\":{\"@type\":\"PropertyValueSpecification\",\"valueRequired\":true,\"valueName\":\"search_term_string\"}}],\"inLanguage\":\"fr-FR\"},{\"@type\":\"Organization\",\"@id\":\"https:\\\/\\\/www.daltonsomare.com\\\/fr\\\/#organization\",\"name\":\"Dalton Somar\u00e9\",\"alternateName\":\"Dalton Somar\u00e9 Gallery Milano\",\"url\":\"https:\\\/\\\/www.daltonsomare.com\\\/fr\\\/\",\"logo\":{\"@type\":\"ImageObject\",\"inLanguage\":\"fr-FR\",\"@id\":\"https:\\\/\\\/www.daltonsomare.com\\\/fr\\\/#\\\/schema\\\/logo\\\/image\\\/\",\"url\":\"https:\\\/\\\/www.daltonsomare.com\\\/wp-content\\\/uploads\\\/2022\\\/04\\\/Dalton-Somare-Gallery-Milano.png\",\"contentUrl\":\"https:\\\/\\\/www.daltonsomare.com\\\/wp-content\\\/uploads\\\/2022\\\/04\\\/Dalton-Somare-Gallery-Milano.png\",\"width\":1638,\"height\":1687,\"caption\":\"Dalton Somar\u00e9\"},\"image\":{\"@id\":\"https:\\\/\\\/www.daltonsomare.com\\\/fr\\\/#\\\/schema\\\/logo\\\/image\\\/\"},\"sameAs\":[\"https:\\\/\\\/www.facebook.com\\\/Dalton.Somare\",\"https:\\\/\\\/www.instagram.com\\\/dalton_somare_milano\\\/\",\"https:\\\/\\\/www.linkedin.com\\\/company\\\/dalton-somare\",\"https:\\\/\\\/www.youtube.com\\\/channel\\\/UCESUxIEubGYjrJPKLjmFX3w\"]}]}<\/script>\n<!-- \/ Yoast SEO plugin. -->","yoast_head_json":{"title":"Masque Dan Mano, Liberia | Dalton Somar\u00e9","description":"Fiche d\u2019\u0153uvre Dalton Somar\u00e9: Masque Dan Mano, Liberia. Sculpture et art classique extra-europ\u00e9en pr\u00e9sent\u00e9s par la galerie \u00e0 Milan.","robots":{"index":"index","follow":"follow","max-snippet":"max-snippet:-1","max-image-preview":"max-image-preview:large","max-video-preview":"max-video-preview:-1"},"canonical":"https:\/\/www.daltonsomare.com\/fr\/opere\/masque-dan-mano-liberia\/\/","og_locale":"fr_FR","og_type":"article","og_title":"Masque Dan Mano, Liberia | Dalton Somar\u00e9","og_description":"Fiche d\u2019\u0153uvre Dalton Somar\u00e9: Masque Dan Mano, Lib\u00e9ria. Provenance, contexte historique et artistique, publications et r\u00e9f\u00e9rences de collection.","og_url":"https:\/\/www.daltonsomare.com\/fr\/opere\/masque-dan-mano-liberia\/\/","og_site_name":"Dalton Somar\u00e9","article_publisher":"https:\/\/www.facebook.com\/Dalton.Somare","article_modified_time":"2026-06-03T18:11:35+00:00","og_image":[{"width":2384,"height":2500,"url":"https:\/\/www.daltonsomare.com\/wp-content\/uploads\/2019\/01\/maschera-dan-mano-liberia-legno-fibra-vegetale-osso-ferro-26-cm-2384x2500.jpg","type":"image\/jpeg"}],"twitter_card":"summary_large_image","twitter_description":"Fiche d\u2019\u0153uvre Dalton Somar\u00e9: Masque Dan Mano, Lib\u00e9ria. Provenance, contexte historique et artistique, publications et r\u00e9f\u00e9rences de collection.","schema":{"@context":"https:\/\/schema.org","@graph":[{"@type":"WebPage","@id":"https:\/\/www.daltonsomare.com\/fr\/opere\/masque-dan-mano-liberia\/","url":"https:\/\/www.daltonsomare.com\/fr\/opere\/masque-dan-mano-liberia\/","name":"Masque Dan Mano, Liberia | Dalton Somar\u00e9","isPartOf":{"@id":"https:\/\/www.daltonsomare.com\/fr\/#website"},"primaryImageOfPage":{"@id":"https:\/\/www.daltonsomare.com\/fr\/opere\/masque-dan-mano-liberia\/#primaryimage"},"image":{"@id":"https:\/\/www.daltonsomare.com\/fr\/opere\/masque-dan-mano-liberia\/#primaryimage"},"thumbnailUrl":"https:\/\/www.daltonsomare.com\/wp-content\/uploads\/2019\/01\/maschera-dan-mano-liberia-legno-fibra-vegetale-osso-ferro-26-cm-scaled.jpg","datePublished":"2011-04-05T13:41:18+00:00","dateModified":"2026-06-03T18:11:35+00:00","description":"Fiche d\u2019\u0153uvre Dalton Somar\u00e9: Masque Dan Mano, Liberia. Sculpture et art classique extra-europ\u00e9en pr\u00e9sent\u00e9s par la galerie \u00e0 Milan.","breadcrumb":{"@id":"https:\/\/www.daltonsomare.com\/fr\/opere\/masque-dan-mano-liberia\/#breadcrumb"},"inLanguage":"fr-FR","potentialAction":[{"@type":"ReadAction","target":["https:\/\/www.daltonsomare.com\/fr\/opere\/masque-dan-mano-liberia\/"]}]},{"@type":"ImageObject","inLanguage":"fr-FR","@id":"https:\/\/www.daltonsomare.com\/fr\/opere\/masque-dan-mano-liberia\/#primaryimage","url":"https:\/\/www.daltonsomare.com\/wp-content\/uploads\/2019\/01\/maschera-dan-mano-liberia-legno-fibra-vegetale-osso-ferro-26-cm-scaled.jpg","contentUrl":"https:\/\/www.daltonsomare.com\/wp-content\/uploads\/2019\/01\/maschera-dan-mano-liberia-legno-fibra-vegetale-osso-ferro-26-cm-scaled.jpg","width":3792,"height":3976,"caption":"Maschera Dan Mano, Liberia Legno, fibra vegetale, osso, ferro 26 cm"},{"@type":"BreadcrumbList","@id":"https:\/\/www.daltonsomare.com\/fr\/opere\/masque-dan-mano-liberia\/#breadcrumb","itemListElement":[{"@type":"ListItem","position":1,"name":"Home","item":"https:\/\/www.daltonsomare.com\/fr\/accueil\/"},{"@type":"ListItem","position":2,"name":"Opere d'arte","item":"https:\/\/www.daltonsomare.com\/fr\/opere\/"},{"@type":"ListItem","position":3,"name":"Masque, Dan Mano, Lib\u00e9ria"}]},{"@type":"WebSite","@id":"https:\/\/www.daltonsomare.com\/fr\/#website","url":"https:\/\/www.daltonsomare.com\/fr\/","name":"Dalton Somar\u00e9","description":"Fine African Art \u2013 Ancient Art of Asia","publisher":{"@id":"https:\/\/www.daltonsomare.com\/fr\/#organization"},"alternateName":"Dalton Somar\u00e9 Gallery Milano","potentialAction":[{"@type":"SearchAction","target":{"@type":"EntryPoint","urlTemplate":"https:\/\/www.daltonsomare.com\/fr\/?s={search_term_string}"},"query-input":{"@type":"PropertyValueSpecification","valueRequired":true,"valueName":"search_term_string"}}],"inLanguage":"fr-FR"},{"@type":"Organization","@id":"https:\/\/www.daltonsomare.com\/fr\/#organization","name":"Dalton Somar\u00e9","alternateName":"Dalton Somar\u00e9 Gallery Milano","url":"https:\/\/www.daltonsomare.com\/fr\/","logo":{"@type":"ImageObject","inLanguage":"fr-FR","@id":"https:\/\/www.daltonsomare.com\/fr\/#\/schema\/logo\/image\/","url":"https:\/\/www.daltonsomare.com\/wp-content\/uploads\/2022\/04\/Dalton-Somare-Gallery-Milano.png","contentUrl":"https:\/\/www.daltonsomare.com\/wp-content\/uploads\/2022\/04\/Dalton-Somare-Gallery-Milano.png","width":1638,"height":1687,"caption":"Dalton Somar\u00e9"},"image":{"@id":"https:\/\/www.daltonsomare.com\/fr\/#\/schema\/logo\/image\/"},"sameAs":["https:\/\/www.facebook.com\/Dalton.Somare","https:\/\/www.instagram.com\/dalton_somare_milano\/","https:\/\/www.linkedin.com\/company\/dalton-somare","https:\/\/www.youtube.com\/channel\/UCESUxIEubGYjrJPKLjmFX3w"]}]}},"_links":{"self":[{"href":"https:\/\/www.daltonsomare.com\/fr\/wp-json\/wp\/v2\/opera\/8548","targetHints":{"allow":["GET"]}}],"collection":[{"href":"https:\/\/www.daltonsomare.com\/fr\/wp-json\/wp\/v2\/opera"}],"about":[{"href":"https:\/\/www.daltonsomare.com\/fr\/wp-json\/wp\/v2\/types\/opera"}],"version-history":[{"count":11,"href":"https:\/\/www.daltonsomare.com\/fr\/wp-json\/wp\/v2\/opera\/8548\/revisions"}],"predecessor-version":[{"id":9936,"href":"https:\/\/www.daltonsomare.com\/fr\/wp-json\/wp\/v2\/opera\/8548\/revisions\/9936"}],"wp:featuredmedia":[{"embeddable":true,"href":"https:\/\/www.daltonsomare.com\/fr\/wp-json\/wp\/v2\/media\/9856"}],"wp:attachment":[{"href":"https:\/\/www.daltonsomare.com\/fr\/wp-json\/wp\/v2\/media?parent=8548"}],"wp:term":[{"taxonomy":"tipo-di-arte","embeddable":true,"href":"https:\/\/www.daltonsomare.com\/fr\/wp-json\/wp\/v2\/tipo-di-arte?post=8548"}],"curies":[{"name":"wp","href":"https:\/\/api.w.org\/{rel}","templated":true}]}}