{"id":8555,"date":"2010-09-05T15:45:20","date_gmt":"2010-09-05T13:45:20","guid":{"rendered":"https:\/\/www.daltonsomare.com\/?post_type=opera&#038;p=8555"},"modified":"2026-06-03T20:33:19","modified_gmt":"2026-06-03T18:33:19","slug":"cavalier-ligbi-senufo-cote-ivoire","status":"publish","type":"opera","link":"https:\/\/www.daltonsomare.com\/fr\/opere\/cavalier-ligbi-senufo-cote-ivoire\/","title":{"rendered":"Cavalier, Ligbi\/Senufo, C\u00f4te d\u2019Ivoire"},"content":{"rendered":"<div class=\"wpb-content-wrapper\"><p>[vc_row][vc_column][vc_column_text css=\u00a0\u00bb\u00a0\u00bb el_class=\u00a0\u00bbpost-flat-h2&Prime;]<\/p>\n<p style=\"text-align: justify;\">D\u00e9but du XXe si\u00e8cle<br \/>\nBois<br \/>\n36,5 cm<\/p>\n<h2>Provenance<\/h2>\n<p style=\"text-align: justify;\">Adrian Schlag, Bruxelles<br \/>\nGalerie Philippe Ratton, Paris<br \/>\nCollection priv\u00e9e, Paris<br \/>\nDalton Somar\u00e9, Milan<br \/>\nCollection priv\u00e9e, Milan<\/p>\n<h2>Publications et expositions<\/h2>\n<p style=\"text-align: justify;\"><em>S\u00e9noufo<\/em>, Galerie Olivier Castellano, Paris, 2014, pp. 88\u201389<br \/>\n<em>La r\u00e9gion lagunaire<\/em>, Adrian Schlag, Parcours des Mondes, 2016, pp. 62\u201365<\/p>\n<hr class=\"dalton-opera-separator\" style=\"border: 0; border-top: 1px solid #b8b8b8; margin: 24px 0;\" \/>\n<h2>Provenance<\/h2>\n<p style=\"text-align: justify;\">Adrian Schlag, Bruxelles<br \/>\nGalerie Philippe Ratton, Paris<br \/>\nCollection priv\u00e9e, Paris<\/p>\n<h2>Publications et expositions<\/h2>\n<p style=\"text-align: justify;\"><em>S\u00e9noufo<\/em>, Galerie Olivier Castellano, Paris, 2014, pp. 88\u201389<br \/>\n<em>La r\u00e9gion lagunaire<\/em>, Adrian Schlag, Parcours des Mondes, 2016, pp. 62\u201365<\/p>\n<h2>Art Senufo et influence Ligbi<\/h2>\n<p style=\"text-align: justify;\">La sculpture Senufo de C\u00f4te d\u2019Ivoire repr\u00e9sente l\u2019une des expressions les plus dynamiques et rythmiques de l\u2019<a href=\"https:\/\/www.daltonsomare.com\/fr\/art-africain\/\"><strong>Art Africain<\/strong><\/a>. Les figures de cavaliers, diffus\u00e9es dans l\u2019aire Senufo et adopt\u00e9es \u00e9galement par les Ligbi, constituent un th\u00e8me iconographique relativement rare, mais d\u2019une grande force symbolique.<\/p>\n<p style=\"text-align: justify;\">Chez les Ligbi, ces repr\u00e9sentations sont moins fr\u00e9quentes que dans la production Senufo, tout en montrant une claire affinit\u00e9 stylistique. Ces figures, appel\u00e9es <em>syonfolo<\/em> ou <em>fanhafolo<\/em>, peuvent \u00eatre interpr\u00e9t\u00e9es comme des \u00ab ma\u00eetres du cheval \u00bb ou des \u00ab d\u00e9tenteurs du pouvoir \u00bb. L\u2019introduction du cheval en Afrique occidentale, \u00e0 partir du VIIIe si\u00e8cle, transforma profond\u00e9ment l\u2019organisation militaire et politique, faisant du cavalier un symbole d\u2019autorit\u00e9, de prestige et de domination.<\/p>\n<p style=\"text-align: justify;\">Dans la r\u00e9gion Senufo, ce th\u00e8me se d\u00e9veloppa notamment pendant les incursions des arm\u00e9es de Samori Tour\u00e9 au XIXe si\u00e8cle. M\u00eame apr\u00e8s la fin de ces \u00e9v\u00e9nements, l\u2019image du cavalier continua d\u2019\u00e9voquer pouvoir, violence et n\u00e9cessit\u00e9 de d\u00e9fense, mais aussi prosp\u00e9rit\u00e9, car la possession d\u2019un cheval \u00e9tait r\u00e9serv\u00e9e \u00e0 un nombre restreint d\u2019individus.<\/p>\n<p style=\"text-align: justify;\">Selon la tradition, le cavalier est \u00e9galement associ\u00e9 aux g\u00e9nies de la brousse, entit\u00e9s invisibles et puissantes qui se manifestent la nuit. Poss\u00e9der une figure de ce type indiquait le prestige et le succ\u00e8s d\u2019un devin dans sa pratique. Du point de vue formel, la sculpture se distingue par un rythme continu des formes : les lignes fluides et la construction harmonieuse des volumes cr\u00e9ent une composition dynamique o\u00f9 le cavalier et le cheval se fondent en un m\u00eame mouvement.<\/p>\n<h2>Patine et pr\u00e9sence<\/h2>\n<p style=\"text-align: justify;\">La patine noire et onctueuse accentue la continuit\u00e9 des surfaces et conf\u00e8re \u00e0 la sculpture une qualit\u00e9 visuelle vibrante, presque en mouvement.<\/p>\n<h2>Contexte et collectionnisme<\/h2>\n<p style=\"text-align: justify;\">Les figures de cavaliers Senufo et Ligbi sont aujourd\u2019hui particuli\u00e8rement appr\u00e9ci\u00e9es pour leur raret\u00e9 et pour leur capacit\u00e9 \u00e0 synth\u00e9tiser pouvoir, histoire et symbolisme dans une forme hautement expressive.<\/p>\n<div class=\"dalton-opera-clusters\">\n<div class=\"dalton-opera-cluster\">\n<h2>Approfondissements<\/h2>\n<div class=\"dalton-fr-opera-link-list\">\n<p style=\"margin: 0 0 7px; line-height: 1.45;\"><a href=\"https:\/\/www.daltonsomare.com\/fr\/art-africain\/\">Art Africain<\/a><\/p>\n<p style=\"margin: 0 0 7px; line-height: 1.45;\"><a href=\"https:\/\/www.daltonsomare.com\/fr\/tipo-di-arte\/highlights-art-africain\/\">Highlights d\u2019Art Africain<\/a><\/p>\n<p style=\"margin: 0 0 7px; line-height: 1.45;\"><a href=\"https:\/\/www.daltonsomare.com\/fr\/tipo-di-arte\/collection-art-africain\/\">Collection d\u2019Art Africain<\/a><\/p>\n<p style=\"margin: 0 0 7px; line-height: 1.45;\"><a href=\"https:\/\/www.daltonsomare.com\/fr\/pubblicazioni\/\">Publications sur l\u2019Art Africain<\/a><\/p>\n<p style=\"margin: 0 0 7px; line-height: 1.45;\"><a href=\"https:\/\/www.daltonsomare.com\/fr\/expositions\/\">Expositions internationales<\/a><\/p>\n<\/div>\n<\/div>\n<div class=\"dalton-opera-cluster\">\n<h2>Sculptures associ\u00e9es<\/h2>\n<div class=\"dalton-fr-opera-link-list\">\n<p style=\"margin: 0 0 7px; line-height: 1.45;\"><a href=\"https:\/\/www.daltonsomare.com\/fr\/opere\/masque-deangle-dan-cote-ivoire\/\">Masque Deangl\u00e9, Dan, C\u00f4te d\u2019Ivoire<\/a><\/p>\n<p style=\"margin: 0 0 7px; line-height: 1.45;\"><a href=\"https:\/\/www.daltonsomare.com\/fr\/opere\/masque-dan-region-toura-cote-ivoire\/\">Masque, Dan, r\u00e9gion Toura, C\u00f4te d\u2019Ivoire<\/a><\/p>\n<p style=\"margin: 0 0 7px; line-height: 1.45;\"><a href=\"https:\/\/www.daltonsomare.com\/fr\/opere\/figure-feminine-dan-gio-liberia-cote-ivoire\/\">Figure f\u00e9minine, Dan Gio, Lib\u00e9ria\/C\u00f4te d\u2019Ivoire<\/a><\/p>\n<p style=\"margin: 0 0 7px; line-height: 1.45;\"><a href=\"https:\/\/www.daltonsomare.com\/fr\/opere\/masque-dan-mano-liberia\/\">Masque, Dan Mano, Lib\u00e9ria<\/a><\/p>\n<p style=\"margin: 0 0 7px; line-height: 1.45;\"><a href=\"https:\/\/www.daltonsomare.com\/fr\/opere\/figure-masculine-baule-cote-ivoire\/\">Figure masculine, Baule, C\u00f4te d\u2019Ivoire<\/a><\/p>\n<p style=\"margin: 0 0 7px; line-height: 1.45;\"><a href=\"https:\/\/www.daltonsomare.com\/fr\/opere\/figure-masculine-blolo-bian-baule-cote-ivoire\/\">Figure masculine Blolo Bian, Baule, C\u00f4te d\u2019Ivoire<\/a><\/p>\n<\/div>\n<\/div>\n<\/div>\n<p>[\/vc_column_text][\/vc_column][\/vc_row]<\/p>\n<\/div>","protected":false},"excerpt":{"rendered":"<p>[vc_row][vc_column][vc_column_text css=\u00a0\u00bb\u00a0\u00bb el_class=\u00a0\u00bbpost-flat-h2&Prime;] D\u00e9but du XXe si\u00e8cle Bois 36,5 cm Provenance Adrian Schlag, Bruxelles Galerie Philippe Ratton, Paris Collection priv\u00e9e, Paris Dalton Somar\u00e9, Milan Collection priv\u00e9e,<span class=\"excerpt-hellip\"> [\u2026]<\/span><\/p>\n","protected":false},"featured_media":9872,"template":"","tipo-di-arte":[156,158],"class_list":["post-8555","opera","type-opera","status-publish","has-post-thumbnail","hentry","tipo-di-arte-art-africain","tipo-di-arte-collection-art-africain"],"acf":[],"yoast_head":"<!-- This site is optimized with the Yoast SEO plugin v28.3 - https:\/\/yoast.com\/product\/yoast-seo-wordpress\/ -->\n<title>Cavalier Ligbi\/Senufo, C\u00f4te d\u2019Ivoire | Dalton Somar\u00e9<\/title>\n<meta name=\"description\" content=\"Fiche d\u2019\u0153uvre Dalton Somar\u00e9: Cavalier Ligbi\/Senufo, C\u00f4te d\u2019Ivoire. Sculpture et art classique extra-europ\u00e9en pr\u00e9sent\u00e9s par la galerie \u00e0 Milan.\" \/>\n<meta name=\"robots\" content=\"index, follow, max-snippet:-1, max-image-preview:large, max-video-preview:-1\" \/>\n<link rel=\"canonical\" href=\"https:\/\/www.daltonsomare.com\/fr\/opere\/cavalier-ligbi-senufo-cote-ivoire\/\/\" \/>\n<meta property=\"og:locale\" content=\"fr_FR\" \/>\n<meta property=\"og:type\" content=\"article\" \/>\n<meta property=\"og:title\" content=\"Cavalier Ligbi\/Senufo, C\u00f4te d\u2019Ivoire | Dalton Somar\u00e9\" \/>\n<meta property=\"og:description\" content=\"Fiche d\u2019\u0153uvre Dalton Somar\u00e9: Cavalier Ligbi\/Senufo, C\u00f4te d\u2019Ivoire. Provenance, contexte historique et artistique, publications et r\u00e9f\u00e9rences de collection.\" \/>\n<meta property=\"og:url\" content=\"https:\/\/www.daltonsomare.com\/fr\/opere\/cavalier-ligbi-senufo-cote-ivoire\/\/\" \/>\n<meta property=\"og:site_name\" content=\"Dalton Somar\u00e9\" \/>\n<meta property=\"article:publisher\" content=\"https:\/\/www.facebook.com\/Dalton.Somare\" \/>\n<meta property=\"article:modified_time\" content=\"2026-06-03T18:33:19+00:00\" \/>\n<meta property=\"og:image\" content=\"https:\/\/www.daltonsomare.com\/wp-content\/uploads\/2019\/02\/Horse-Rider-LigbiSenufo-Ivory-Coast-Wood-365-cm--1999x2500.jpg\" \/>\n\t<meta property=\"og:image:width\" content=\"1999\" \/>\n\t<meta property=\"og:image:height\" content=\"2500\" \/>\n\t<meta property=\"og:image:type\" content=\"image\/jpeg\" \/>\n<meta name=\"twitter:card\" content=\"summary_large_image\" \/>\n<meta name=\"twitter:description\" content=\"Fiche d\u2019\u0153uvre Dalton Somar\u00e9: Cavalier Ligbi\/Senufo, C\u00f4te d\u2019Ivoire. Provenance, contexte historique et artistique, publications et r\u00e9f\u00e9rences de collection.\" \/>\n<script type=\"application\/ld+json\" class=\"yoast-schema-graph\">{\"@context\":\"https:\\\/\\\/schema.org\",\"@graph\":[{\"@type\":\"WebPage\",\"@id\":\"https:\\\/\\\/www.daltonsomare.com\\\/fr\\\/opere\\\/cavalier-ligbi-senufo-cote-ivoire\\\/\",\"url\":\"https:\\\/\\\/www.daltonsomare.com\\\/fr\\\/opere\\\/cavalier-ligbi-senufo-cote-ivoire\\\/\",\"name\":\"Cavalier Ligbi\\\/Senufo, C\u00f4te d\u2019Ivoire | Dalton Somar\u00e9\",\"isPartOf\":{\"@id\":\"https:\\\/\\\/www.daltonsomare.com\\\/fr\\\/#website\"},\"primaryImageOfPage\":{\"@id\":\"https:\\\/\\\/www.daltonsomare.com\\\/fr\\\/opere\\\/cavalier-ligbi-senufo-cote-ivoire\\\/#primaryimage\"},\"image\":{\"@id\":\"https:\\\/\\\/www.daltonsomare.com\\\/fr\\\/opere\\\/cavalier-ligbi-senufo-cote-ivoire\\\/#primaryimage\"},\"thumbnailUrl\":\"https:\\\/\\\/www.daltonsomare.com\\\/wp-content\\\/uploads\\\/2019\\\/02\\\/Horse-Rider-LigbiSenufo-Ivory-Coast-Wood-365-cm-.jpg\",\"datePublished\":\"2010-09-05T13:45:20+00:00\",\"dateModified\":\"2026-06-03T18:33:19+00:00\",\"description\":\"Fiche d\u2019\u0153uvre Dalton Somar\u00e9: Cavalier Ligbi\\\/Senufo, C\u00f4te d\u2019Ivoire. Sculpture et art classique extra-europ\u00e9en pr\u00e9sent\u00e9s par la galerie \u00e0 Milan.\",\"breadcrumb\":{\"@id\":\"https:\\\/\\\/www.daltonsomare.com\\\/fr\\\/opere\\\/cavalier-ligbi-senufo-cote-ivoire\\\/#breadcrumb\"},\"inLanguage\":\"fr-FR\",\"potentialAction\":[{\"@type\":\"ReadAction\",\"target\":[\"https:\\\/\\\/www.daltonsomare.com\\\/fr\\\/opere\\\/cavalier-ligbi-senufo-cote-ivoire\\\/\"]}]},{\"@type\":\"ImageObject\",\"inLanguage\":\"fr-FR\",\"@id\":\"https:\\\/\\\/www.daltonsomare.com\\\/fr\\\/opere\\\/cavalier-ligbi-senufo-cote-ivoire\\\/#primaryimage\",\"url\":\"https:\\\/\\\/www.daltonsomare.com\\\/wp-content\\\/uploads\\\/2019\\\/02\\\/Horse-Rider-LigbiSenufo-Ivory-Coast-Wood-365-cm-.jpg\",\"contentUrl\":\"https:\\\/\\\/www.daltonsomare.com\\\/wp-content\\\/uploads\\\/2019\\\/02\\\/Horse-Rider-LigbiSenufo-Ivory-Coast-Wood-365-cm-.jpg\",\"width\":2834,\"height\":3545,\"caption\":\"Image of a Horse Rider Ligbi Senufo Ivory Coast Wood 36.5 cm\"},{\"@type\":\"BreadcrumbList\",\"@id\":\"https:\\\/\\\/www.daltonsomare.com\\\/fr\\\/opere\\\/cavalier-ligbi-senufo-cote-ivoire\\\/#breadcrumb\",\"itemListElement\":[{\"@type\":\"ListItem\",\"position\":1,\"name\":\"Home\",\"item\":\"https:\\\/\\\/www.daltonsomare.com\\\/fr\\\/accueil\\\/\"},{\"@type\":\"ListItem\",\"position\":2,\"name\":\"Opere d'arte\",\"item\":\"https:\\\/\\\/www.daltonsomare.com\\\/fr\\\/opere\\\/\"},{\"@type\":\"ListItem\",\"position\":3,\"name\":\"Cavalier, Ligbi\\\/Senufo, C\u00f4te d\u2019Ivoire\"}]},{\"@type\":\"WebSite\",\"@id\":\"https:\\\/\\\/www.daltonsomare.com\\\/fr\\\/#website\",\"url\":\"https:\\\/\\\/www.daltonsomare.com\\\/fr\\\/\",\"name\":\"Dalton Somar\u00e9\",\"description\":\"Fine African Art \u2013 Ancient Art of Asia\",\"publisher\":{\"@id\":\"https:\\\/\\\/www.daltonsomare.com\\\/fr\\\/#organization\"},\"alternateName\":\"Dalton Somar\u00e9 Gallery Milano\",\"potentialAction\":[{\"@type\":\"SearchAction\",\"target\":{\"@type\":\"EntryPoint\",\"urlTemplate\":\"https:\\\/\\\/www.daltonsomare.com\\\/fr\\\/?s={search_term_string}\"},\"query-input\":{\"@type\":\"PropertyValueSpecification\",\"valueRequired\":true,\"valueName\":\"search_term_string\"}}],\"inLanguage\":\"fr-FR\"},{\"@type\":\"Organization\",\"@id\":\"https:\\\/\\\/www.daltonsomare.com\\\/fr\\\/#organization\",\"name\":\"Dalton Somar\u00e9\",\"alternateName\":\"Dalton Somar\u00e9 Gallery Milano\",\"url\":\"https:\\\/\\\/www.daltonsomare.com\\\/fr\\\/\",\"logo\":{\"@type\":\"ImageObject\",\"inLanguage\":\"fr-FR\",\"@id\":\"https:\\\/\\\/www.daltonsomare.com\\\/fr\\\/#\\\/schema\\\/logo\\\/image\\\/\",\"url\":\"https:\\\/\\\/www.daltonsomare.com\\\/wp-content\\\/uploads\\\/2022\\\/04\\\/Dalton-Somare-Gallery-Milano.png\",\"contentUrl\":\"https:\\\/\\\/www.daltonsomare.com\\\/wp-content\\\/uploads\\\/2022\\\/04\\\/Dalton-Somare-Gallery-Milano.png\",\"width\":1638,\"height\":1687,\"caption\":\"Dalton Somar\u00e9\"},\"image\":{\"@id\":\"https:\\\/\\\/www.daltonsomare.com\\\/fr\\\/#\\\/schema\\\/logo\\\/image\\\/\"},\"sameAs\":[\"https:\\\/\\\/www.facebook.com\\\/Dalton.Somare\",\"https:\\\/\\\/www.instagram.com\\\/dalton_somare_milano\\\/\",\"https:\\\/\\\/www.linkedin.com\\\/company\\\/dalton-somare\",\"https:\\\/\\\/www.youtube.com\\\/channel\\\/UCESUxIEubGYjrJPKLjmFX3w\"]}]}<\/script>\n<!-- \/ Yoast SEO plugin. -->","yoast_head_json":{"title":"Cavalier Ligbi\/Senufo, C\u00f4te d\u2019Ivoire | Dalton Somar\u00e9","description":"Fiche d\u2019\u0153uvre Dalton Somar\u00e9: Cavalier Ligbi\/Senufo, C\u00f4te d\u2019Ivoire. Sculpture et art classique extra-europ\u00e9en pr\u00e9sent\u00e9s par la galerie \u00e0 Milan.","robots":{"index":"index","follow":"follow","max-snippet":"max-snippet:-1","max-image-preview":"max-image-preview:large","max-video-preview":"max-video-preview:-1"},"canonical":"https:\/\/www.daltonsomare.com\/fr\/opere\/cavalier-ligbi-senufo-cote-ivoire\/\/","og_locale":"fr_FR","og_type":"article","og_title":"Cavalier Ligbi\/Senufo, C\u00f4te d\u2019Ivoire | Dalton Somar\u00e9","og_description":"Fiche d\u2019\u0153uvre Dalton Somar\u00e9: Cavalier Ligbi\/Senufo, C\u00f4te d\u2019Ivoire. Provenance, contexte historique et artistique, publications et r\u00e9f\u00e9rences de collection.","og_url":"https:\/\/www.daltonsomare.com\/fr\/opere\/cavalier-ligbi-senufo-cote-ivoire\/\/","og_site_name":"Dalton Somar\u00e9","article_publisher":"https:\/\/www.facebook.com\/Dalton.Somare","article_modified_time":"2026-06-03T18:33:19+00:00","og_image":[{"width":1999,"height":2500,"url":"https:\/\/www.daltonsomare.com\/wp-content\/uploads\/2019\/02\/Horse-Rider-LigbiSenufo-Ivory-Coast-Wood-365-cm--1999x2500.jpg","type":"image\/jpeg"}],"twitter_card":"summary_large_image","twitter_description":"Fiche d\u2019\u0153uvre Dalton Somar\u00e9: Cavalier Ligbi\/Senufo, C\u00f4te d\u2019Ivoire. Provenance, contexte historique et artistique, publications et r\u00e9f\u00e9rences de collection.","schema":{"@context":"https:\/\/schema.org","@graph":[{"@type":"WebPage","@id":"https:\/\/www.daltonsomare.com\/fr\/opere\/cavalier-ligbi-senufo-cote-ivoire\/","url":"https:\/\/www.daltonsomare.com\/fr\/opere\/cavalier-ligbi-senufo-cote-ivoire\/","name":"Cavalier Ligbi\/Senufo, C\u00f4te d\u2019Ivoire | Dalton Somar\u00e9","isPartOf":{"@id":"https:\/\/www.daltonsomare.com\/fr\/#website"},"primaryImageOfPage":{"@id":"https:\/\/www.daltonsomare.com\/fr\/opere\/cavalier-ligbi-senufo-cote-ivoire\/#primaryimage"},"image":{"@id":"https:\/\/www.daltonsomare.com\/fr\/opere\/cavalier-ligbi-senufo-cote-ivoire\/#primaryimage"},"thumbnailUrl":"https:\/\/www.daltonsomare.com\/wp-content\/uploads\/2019\/02\/Horse-Rider-LigbiSenufo-Ivory-Coast-Wood-365-cm-.jpg","datePublished":"2010-09-05T13:45:20+00:00","dateModified":"2026-06-03T18:33:19+00:00","description":"Fiche d\u2019\u0153uvre Dalton Somar\u00e9: Cavalier Ligbi\/Senufo, C\u00f4te d\u2019Ivoire. Sculpture et art classique extra-europ\u00e9en pr\u00e9sent\u00e9s par la galerie \u00e0 Milan.","breadcrumb":{"@id":"https:\/\/www.daltonsomare.com\/fr\/opere\/cavalier-ligbi-senufo-cote-ivoire\/#breadcrumb"},"inLanguage":"fr-FR","potentialAction":[{"@type":"ReadAction","target":["https:\/\/www.daltonsomare.com\/fr\/opere\/cavalier-ligbi-senufo-cote-ivoire\/"]}]},{"@type":"ImageObject","inLanguage":"fr-FR","@id":"https:\/\/www.daltonsomare.com\/fr\/opere\/cavalier-ligbi-senufo-cote-ivoire\/#primaryimage","url":"https:\/\/www.daltonsomare.com\/wp-content\/uploads\/2019\/02\/Horse-Rider-LigbiSenufo-Ivory-Coast-Wood-365-cm-.jpg","contentUrl":"https:\/\/www.daltonsomare.com\/wp-content\/uploads\/2019\/02\/Horse-Rider-LigbiSenufo-Ivory-Coast-Wood-365-cm-.jpg","width":2834,"height":3545,"caption":"Image of a Horse Rider Ligbi Senufo Ivory Coast Wood 36.5 cm"},{"@type":"BreadcrumbList","@id":"https:\/\/www.daltonsomare.com\/fr\/opere\/cavalier-ligbi-senufo-cote-ivoire\/#breadcrumb","itemListElement":[{"@type":"ListItem","position":1,"name":"Home","item":"https:\/\/www.daltonsomare.com\/fr\/accueil\/"},{"@type":"ListItem","position":2,"name":"Opere d'arte","item":"https:\/\/www.daltonsomare.com\/fr\/opere\/"},{"@type":"ListItem","position":3,"name":"Cavalier, Ligbi\/Senufo, C\u00f4te d\u2019Ivoire"}]},{"@type":"WebSite","@id":"https:\/\/www.daltonsomare.com\/fr\/#website","url":"https:\/\/www.daltonsomare.com\/fr\/","name":"Dalton Somar\u00e9","description":"Fine African Art \u2013 Ancient Art of Asia","publisher":{"@id":"https:\/\/www.daltonsomare.com\/fr\/#organization"},"alternateName":"Dalton Somar\u00e9 Gallery Milano","potentialAction":[{"@type":"SearchAction","target":{"@type":"EntryPoint","urlTemplate":"https:\/\/www.daltonsomare.com\/fr\/?s={search_term_string}"},"query-input":{"@type":"PropertyValueSpecification","valueRequired":true,"valueName":"search_term_string"}}],"inLanguage":"fr-FR"},{"@type":"Organization","@id":"https:\/\/www.daltonsomare.com\/fr\/#organization","name":"Dalton Somar\u00e9","alternateName":"Dalton Somar\u00e9 Gallery Milano","url":"https:\/\/www.daltonsomare.com\/fr\/","logo":{"@type":"ImageObject","inLanguage":"fr-FR","@id":"https:\/\/www.daltonsomare.com\/fr\/#\/schema\/logo\/image\/","url":"https:\/\/www.daltonsomare.com\/wp-content\/uploads\/2022\/04\/Dalton-Somare-Gallery-Milano.png","contentUrl":"https:\/\/www.daltonsomare.com\/wp-content\/uploads\/2022\/04\/Dalton-Somare-Gallery-Milano.png","width":1638,"height":1687,"caption":"Dalton Somar\u00e9"},"image":{"@id":"https:\/\/www.daltonsomare.com\/fr\/#\/schema\/logo\/image\/"},"sameAs":["https:\/\/www.facebook.com\/Dalton.Somare","https:\/\/www.instagram.com\/dalton_somare_milano\/","https:\/\/www.linkedin.com\/company\/dalton-somare","https:\/\/www.youtube.com\/channel\/UCESUxIEubGYjrJPKLjmFX3w"]}]}},"_links":{"self":[{"href":"https:\/\/www.daltonsomare.com\/fr\/wp-json\/wp\/v2\/opera\/8555","targetHints":{"allow":["GET"]}}],"collection":[{"href":"https:\/\/www.daltonsomare.com\/fr\/wp-json\/wp\/v2\/opera"}],"about":[{"href":"https:\/\/www.daltonsomare.com\/fr\/wp-json\/wp\/v2\/types\/opera"}],"version-history":[{"count":10,"href":"https:\/\/www.daltonsomare.com\/fr\/wp-json\/wp\/v2\/opera\/8555\/revisions"}],"predecessor-version":[{"id":9946,"href":"https:\/\/www.daltonsomare.com\/fr\/wp-json\/wp\/v2\/opera\/8555\/revisions\/9946"}],"wp:featuredmedia":[{"embeddable":true,"href":"https:\/\/www.daltonsomare.com\/fr\/wp-json\/wp\/v2\/media\/9872"}],"wp:attachment":[{"href":"https:\/\/www.daltonsomare.com\/fr\/wp-json\/wp\/v2\/media?parent=8555"}],"wp:term":[{"taxonomy":"tipo-di-arte","embeddable":true,"href":"https:\/\/www.daltonsomare.com\/fr\/wp-json\/wp\/v2\/tipo-di-arte?post=8555"}],"curies":[{"name":"wp","href":"https:\/\/api.w.org\/{rel}","templated":true}]}}